{"id":16983,"date":"2026-01-08T14:30:07","date_gmt":"2026-01-08T20:30:07","guid":{"rendered":"https:\/\/difpuertovallarta.gob.mx\/cms\/?page_id=16983"},"modified":"2026-01-16T13:44:44","modified_gmt":"2026-01-16T19:44:44","slug":"urr","status":"publish","type":"page","link":"https:\/\/difpuertovallarta.gob.mx\/cms\/urr\/","title":{"rendered":"Unidad Regional de Rehabilitaci\u00f3n (URR)"},"content":{"rendered":"\t\t<div data-elementor-type=\"wp-page\" data-elementor-id=\"16983\" class=\"elementor elementor-16983\" data-elementor-post-type=\"page\">\n\t\t\t\t<div class=\"elementor-element elementor-element-515fd3ff e-con-full e-flex e-con e-parent\" data-id=\"515fd3ff\" data-element_type=\"container\" data-settings=\"{&quot;background_background&quot;:&quot;classic&quot;}\">\n\t\t<div class=\"elementor-element elementor-element-6c6de906 e-flex e-con-boxed e-con e-child\" data-id=\"6c6de906\" data-element_type=\"container\">\n\t\t\t\t\t<div class=\"e-con-inner\">\n\t\t\t\t<div class=\"elementor-element elementor-element-43f24aa9 elementor-shape-circle e-grid-align-right elementor-grid-0 elementor-widget elementor-widget-social-icons\" data-id=\"43f24aa9\" data-element_type=\"widget\" data-widget_type=\"social-icons.default\">\n\t\t\t\t\t\t\t<div class=\"elementor-social-icons-wrapper elementor-grid\" role=\"list\">\n\t\t\t\t\t\t\t<span class=\"elementor-grid-item\" role=\"listitem\">\n\t\t\t\t\t<a class=\"elementor-icon elementor-social-icon elementor-social-icon-facebook elementor-repeater-item-43a1079\" target=\"_blank\">\n\t\t\t\t\t\t<span class=\"elementor-screen-only\">Facebook<\/span>\n\t\t\t\t\t\t<svg aria-hidden=\"true\" class=\"e-font-icon-svg e-fab-facebook\" viewBox=\"0 0 512 512\" xmlns=\"http:\/\/www.w3.org\/2000\/svg\"><path d=\"M504 256C504 119 393 8 256 8S8 119 8 256c0 123.78 90.69 226.38 209.25 245V327.69h-63V256h63v-54.64c0-62.15 37-96.48 93.67-96.48 27.14 0 55.52 4.84 55.52 4.84v61h-31.28c-30.8 0-40.41 19.12-40.41 38.73V256h68.78l-11 71.69h-57.78V501C413.31 482.38 504 379.78 504 256z\"><\/path><\/svg>\t\t\t\t\t<\/a>\n\t\t\t\t<\/span>\n\t\t\t\t\t\t\t<span class=\"elementor-grid-item\" role=\"listitem\">\n\t\t\t\t\t<a class=\"elementor-icon elementor-social-icon elementor-social-icon-twitter elementor-repeater-item-aaba372\" target=\"_blank\">\n\t\t\t\t\t\t<span class=\"elementor-screen-only\">Twitter<\/span>\n\t\t\t\t\t\t<svg aria-hidden=\"true\" class=\"e-font-icon-svg e-fab-twitter\" viewBox=\"0 0 512 512\" xmlns=\"http:\/\/www.w3.org\/2000\/svg\"><path d=\"M459.37 151.716c.325 4.548.325 9.097.325 13.645 0 138.72-105.583 298.558-298.558 298.558-59.452 0-114.68-17.219-161.137-47.106 8.447.974 16.568 1.299 25.34 1.299 49.055 0 94.213-16.568 130.274-44.832-46.132-.975-84.792-31.188-98.112-72.772 6.498.974 12.995 1.624 19.818 1.624 9.421 0 18.843-1.3 27.614-3.573-48.081-9.747-84.143-51.98-84.143-102.985v-1.299c13.969 7.797 30.214 12.67 47.431 13.319-28.264-18.843-46.781-51.005-46.781-87.391 0-19.492 5.197-37.36 14.294-52.954 51.655 63.675 129.3 105.258 216.365 109.807-1.624-7.797-2.599-15.918-2.599-24.04 0-57.828 46.782-104.934 104.934-104.934 30.213 0 57.502 12.67 76.67 33.137 23.715-4.548 46.456-13.32 66.599-25.34-7.798 24.366-24.366 44.833-46.132 57.827 21.117-2.273 41.584-8.122 60.426-16.243-14.292 20.791-32.161 39.308-52.628 54.253z\"><\/path><\/svg>\t\t\t\t\t<\/a>\n\t\t\t\t<\/span>\n\t\t\t\t\t\t\t<span class=\"elementor-grid-item\" role=\"listitem\">\n\t\t\t\t\t<a class=\"elementor-icon elementor-social-icon elementor-social-icon-youtube elementor-repeater-item-3bab59a\" target=\"_blank\">\n\t\t\t\t\t\t<span class=\"elementor-screen-only\">Youtube<\/span>\n\t\t\t\t\t\t<svg aria-hidden=\"true\" class=\"e-font-icon-svg e-fab-youtube\" viewBox=\"0 0 576 512\" xmlns=\"http:\/\/www.w3.org\/2000\/svg\"><path d=\"M549.655 124.083c-6.281-23.65-24.787-42.276-48.284-48.597C458.781 64 288 64 288 64S117.22 64 74.629 75.486c-23.497 6.322-42.003 24.947-48.284 48.597-11.412 42.867-11.412 132.305-11.412 132.305s0 89.438 11.412 132.305c6.281 23.65 24.787 41.5 48.284 47.821C117.22 448 288 448 288 448s170.78 0 213.371-11.486c23.497-6.321 42.003-24.171 48.284-47.821 11.412-42.867 11.412-132.305 11.412-132.305s0-89.438-11.412-132.305zm-317.51 213.508V175.185l142.739 81.205-142.739 81.201z\"><\/path><\/svg>\t\t\t\t\t<\/a>\n\t\t\t\t<\/span>\n\t\t\t\t\t\t\t<span class=\"elementor-grid-item\" role=\"listitem\">\n\t\t\t\t\t<a class=\"elementor-icon elementor-social-icon elementor-social-icon-500px elementor-repeater-item-8302f97\" href=\"http:\/\/declaradifpv.sytes.net\/\" target=\"_blank\">\n\t\t\t\t\t\t<span class=\"elementor-screen-only\">500px<\/span>\n\t\t\t\t\t\t<svg aria-hidden=\"true\" class=\"e-font-icon-svg e-fab-500px\" viewBox=\"0 0 448 512\" xmlns=\"http:\/\/www.w3.org\/2000\/svg\"><path d=\"M103.3 344.3c-6.5-14.2-6.9-18.3 7.4-23.1 25.6-8 8 9.2 43.2 49.2h.3v-93.9c1.2-50.2 44-92.2 97.7-92.2 53.9 0 97.7 43.5 97.7 96.8 0 63.4-60.8 113.2-128.5 93.3-10.5-4.2-2.1-31.7 8.5-28.6 53 0 89.4-10.1 89.4-64.4 0-61-77.1-89.6-116.9-44.6-23.5 26.4-17.6 42.1-17.6 157.6 50.7 31 118.3 22 160.4-20.1 24.8-24.8 38.5-58 38.5-93 0-35.2-13.8-68.2-38.8-93.3-24.8-24.8-57.8-38.5-93.3-38.5s-68.8 13.8-93.5 38.5c-.3.3-16 16.5-21.2 23.9l-.5.6c-3.3 4.7-6.3 9.1-20.1 6.1-6.9-1.7-14.3-5.8-14.3-11.8V20c0-5 3.9-10.5 10.5-10.5h241.3c8.3 0 8.3 11.6 8.3 15.1 0 3.9 0 15.1-8.3 15.1H130.3v132.9h.3c104.2-109.8 282.8-36 282.8 108.9 0 178.1-244.8 220.3-310.1 62.8zm63.3-260.8c-.5 4.2 4.6 24.5 14.6 20.6C306 56.6 384 144.5 390.6 144.5c4.8 0 22.8-15.3 14.3-22.8-93.2-89-234.5-57-238.3-38.2zM393 414.7C283 524.6 94 475.5 61 310.5c0-12.2-30.4-7.4-28.9 3.3 24 173.4 246 256.9 381.6 121.3 6.9-7.8-12.6-28.4-20.7-20.4zM213.6 306.6c0 4 4.3 7.3 5.5 8.5 3 3 6.1 4.4 8.5 4.4 3.8 0 2.6.2 22.3-19.5 19.6 19.3 19.1 19.5 22.3 19.5 5.4 0 18.5-10.4 10.7-18.2L265.6 284l18.2-18.2c6.3-6.8-10.1-21.8-16.2-15.7L249.7 268c-18.6-18.8-18.4-19.5-21.5-19.5-5 0-18 11.7-12.4 17.3L234 284c-18.1 17.9-20.4 19.2-20.4 22.6z\"><\/path><\/svg>\t\t\t\t\t<\/a>\n\t\t\t\t<\/span>\n\t\t\t\t\t<\/div>\n\t\t\t\t\t\t<\/div>\n\t\t\t\t\t<\/div>\n\t\t\t\t<\/div>\n\t\t\t\t<\/div>\n\t\t<div class=\"elementor-element elementor-element-3fba8d80 e-con-full e-flex e-con e-parent\" data-id=\"3fba8d80\" data-element_type=\"container\" data-settings=\"{&quot;background_background&quot;:&quot;classic&quot;,&quot;sticky&quot;:&quot;top&quot;,&quot;sticky_on&quot;:[&quot;desktop&quot;,&quot;tablet&quot;,&quot;mobile&quot;],&quot;sticky_offset&quot;:0,&quot;sticky_effects_offset&quot;:0,&quot;sticky_anchor_link_offset&quot;:0}\">\n\t\t<div class=\"elementor-element elementor-element-1613637a e-con-full e-flex e-con e-child\" data-id=\"1613637a\" data-element_type=\"container\">\n\t\t\t\t<div class=\"elementor-element elementor-element-4962548 elementor-widget elementor-widget-theme-site-logo elementor-widget-image\" data-id=\"4962548\" data-element_type=\"widget\" data-widget_type=\"theme-site-logo.default\">\n\t\t\t\t\t\t\t\t\t\t\t<a href=\"https:\/\/difpuertovallarta.gob.mx\/\">\n\t\t\t<img decoding=\"async\" width=\"1\" height=\"1\" src=\"https:\/\/difpuertovallarta.gob.mx\/cms\/wp-content\/uploads\/2025\/05\/DIF-NIDITO-POSTS-2-1.svg\" class=\"attachment-large size-large wp-image-17162 no-lazy\" alt=\"\" \/>\t\t\t\t<\/a>\n\t\t\t\t\t\t\t\t\t\t\t<\/div>\n\t\t\t\t<\/div>\n\t\t<div class=\"elementor-element elementor-element-26a7c782 e-con-full e-flex e-con e-child\" data-id=\"26a7c782\" data-element_type=\"container\">\n\t\t\t\t<div class=\"elementor-element elementor-element-55f818e7 elementor-nav-menu--stretch elementor-nav-menu__align-center elementor-nav-menu--dropdown-mobile elementor-nav-menu__text-align-aside elementor-nav-menu--toggle elementor-nav-menu--burger elementor-widget elementor-widget-nav-menu\" data-id=\"55f818e7\" data-element_type=\"widget\" data-settings=\"{&quot;full_width&quot;:&quot;stretch&quot;,&quot;layout&quot;:&quot;horizontal&quot;,&quot;submenu_icon&quot;:{&quot;value&quot;:&quot;&lt;svg aria-hidden=\\&quot;true\\&quot; class=\\&quot;e-font-icon-svg e-fas-caret-down\\&quot; viewBox=\\&quot;0 0 320 512\\&quot; xmlns=\\&quot;http:\\\/\\\/www.w3.org\\\/2000\\\/svg\\&quot;&gt;&lt;path d=\\&quot;M31.3 192h257.3c17.8 0 26.7 21.5 14.1 34.1L174.1 354.8c-7.8 7.8-20.5 7.8-28.3 0L17.2 226.1C4.6 213.5 13.5 192 31.3 192z\\&quot;&gt;&lt;\\\/path&gt;&lt;\\\/svg&gt;&quot;,&quot;library&quot;:&quot;fa-solid&quot;},&quot;toggle&quot;:&quot;burger&quot;}\" data-widget_type=\"nav-menu.default\">\n\t\t\t\t\t\t\t\t<nav aria-label=\"Menu\" class=\"elementor-nav-menu--main elementor-nav-menu__container elementor-nav-menu--layout-horizontal e--pointer-underline e--animation-fade\">\n\t\t\t\t<ul id=\"menu-1-55f818e7\" class=\"elementor-nav-menu\"><li class=\"menu-item menu-item-type-custom menu-item-object-custom menu-item-has-children menu-item-358\"><a href=\"#\" class=\"elementor-item elementor-item-anchor\">Nosotros<\/a>\n<ul class=\"sub-menu elementor-nav-menu--dropdown\">\n\t<li class=\"menu-item menu-item-type-custom menu-item-object-custom menu-item-17073\"><a href=\"https:\/\/difpuertovallarta.gob.mx\/cms\/quienes-somos\/\" class=\"elementor-sub-item\">Quienes somos<\/a><\/li>\n\t<li class=\"menu-item menu-item-type-custom menu-item-object-custom menu-item-17074\"><a href=\"https:\/\/difpuertovallarta.gob.mx\/cms\/organigrama\/\" class=\"elementor-sub-item\">Organigrama<\/a><\/li>\n<\/ul>\n<\/li>\n<li class=\"menu-item menu-item-type-custom menu-item-object-custom menu-item-has-children menu-item-12730\"><a href=\"#\" class=\"elementor-item elementor-item-anchor\">Programas<\/a>\n<ul class=\"sub-menu elementor-nav-menu--dropdown\">\n\t<li class=\"menu-item menu-item-type-post_type menu-item-object-page menu-item-6937\"><a href=\"https:\/\/difpuertovallarta.gob.mx\/cms\/uavifam\/\" class=\"elementor-sub-item\"><strong>UAVIFAM <\/strong> |  Unidad de Atenci\u00f3n a la Violencia Familiar<\/a><\/li>\n\t<li class=\"menu-item menu-item-type-post_type menu-item-object-page menu-item-6926\"><a href=\"https:\/\/difpuertovallarta.gob.mx\/cms\/trabajo-social\/\" class=\"elementor-sub-item\"><strong> Trabajo social <\/strong>  |  Apoyos Asistenciales<\/a><\/li>\n\t<li class=\"menu-item menu-item-type-post_type menu-item-object-page menu-item-6940\"><a href=\"https:\/\/difpuertovallarta.gob.mx\/cms\/procuraduria\/\" class=\"elementor-sub-item\"><strong> PPNNA <\/strong>  |  Procuradur\u00eda de Protecci\u00f3n a Ni\u00f1os, Ni\u00f1as y Adolescentes<\/a><\/li>\n\t<li class=\"menu-item menu-item-type-post_type menu-item-object-page menu-item-6914\"><a href=\"https:\/\/difpuertovallarta.gob.mx\/cms\/paid\/\" class=\"elementor-sub-item\"><strong> PAID <\/strong>  |  Programa de Atenci\u00f3n Integral a Personas con Discapacidad<\/a><\/li>\n\t<li class=\"menu-item menu-item-type-post_type menu-item-object-page menu-item-350\"><a href=\"https:\/\/difpuertovallarta.gob.mx\/cms\/centros-de-atencion-dif\/\" class=\"elementor-sub-item\"><strong> CADI <\/strong>  |  Centros Asistenciales para el Desarrollo Infantil<\/a><\/li>\n\t<li class=\"menu-item menu-item-type-post_type menu-item-object-page menu-item-472\"><a href=\"https:\/\/difpuertovallarta.gob.mx\/cms\/centro-de-atencion-integral-al-adulto-mayor\/\" class=\"elementor-sub-item\">CAIAM<\/a><\/li>\n\t<li class=\"menu-item menu-item-type-post_type menu-item-object-page menu-item-17144\"><a href=\"https:\/\/difpuertovallarta.gob.mx\/cms\/caetf\/\" class=\"elementor-sub-item\">CAETF<\/a><\/li>\n\t<li class=\"menu-item menu-item-type-custom menu-item-object-custom menu-item-17075\"><a href=\"https:\/\/difpuertovallarta.gob.mx\/cms\/urr\/\" class=\"elementor-sub-item\">Unidad Regional de Rehabilitaci\u00f3n URR<\/a><\/li>\n\t<li class=\"menu-item menu-item-type-post_type menu-item-object-page menu-item-6855\"><a href=\"https:\/\/difpuertovallarta.gob.mx\/cms\/asistencia-alimentaria\/\" class=\"elementor-sub-item\">Asistencia Alimentaria<\/a><\/li>\n\t<li class=\"menu-item menu-item-type-post_type menu-item-object-page menu-item-6852\"><a href=\"https:\/\/difpuertovallarta.gob.mx\/cms\/casadedia\/\" class=\"elementor-sub-item\">Casa de D\u00eda del Adulto Mayor<\/a><\/li>\n\t<li class=\"menu-item menu-item-type-post_type menu-item-object-page menu-item-6907\"><a href=\"https:\/\/difpuertovallarta.gob.mx\/cms\/desarrollo-comunitario\/\" class=\"elementor-sub-item\">Desarrollo Comunitario<\/a><\/li>\n<\/ul>\n<\/li>\n<li class=\"menu-item menu-item-type-custom menu-item-object-custom menu-item-has-children menu-item-17076\"><a href=\"#\" class=\"elementor-item elementor-item-anchor\">\u00c1reas<\/a>\n<ul class=\"sub-menu elementor-nav-menu--dropdown\">\n\t<li class=\"menu-item menu-item-type-post_type menu-item-object-page menu-item-349\"><a href=\"https:\/\/difpuertovallarta.gob.mx\/cms\/area-juridica\/\" class=\"elementor-sub-item\">Coordinaci\u00f3n Jur\u00eddica<\/a><\/li>\n\t<li class=\"menu-item menu-item-type-custom menu-item-object-custom menu-item-has-children menu-item-10358\"><a class=\"elementor-sub-item\">Compras y Adquisiciones<\/a>\n\t<ul class=\"sub-menu elementor-nav-menu--dropdown\">\n\t\t<li class=\"menu-item menu-item-type-custom menu-item-object-custom menu-item-14676\"><a href=\"https:\/\/difpuertovallarta.gob.mx\/cms\/compras-y-adquisiciones-dif-puerto-vallarta\/\" class=\"elementor-sub-item\">Licitaciones<\/a><\/li>\n\t\t<li class=\"menu-item menu-item-type-custom menu-item-object-custom menu-item-14675\"><a href=\"https:\/\/siag.puertovallartadif.com.mx\/siac\/login.php\" class=\"elementor-sub-item\">Requisiciones<\/a><\/li>\n\t\t<li class=\"menu-item menu-item-type-custom menu-item-object-custom menu-item-14677\"><a href=\"https:\/\/siag.puertovallartadif.com.mx\/siac\/dif-pv\/login_proveedores.php\" class=\"elementor-sub-item\">Proveedores<\/a><\/li>\n\t<\/ul>\n<\/li>\n\t<li class=\"menu-item menu-item-type-custom menu-item-object-custom menu-item-has-children menu-item-15044\"><a class=\"elementor-sub-item\">\u00d3rgano Interno de Control<\/a>\n\t<ul class=\"sub-menu elementor-nav-menu--dropdown\">\n\t\t<li class=\"menu-item menu-item-type-custom menu-item-object-custom menu-item-15045\"><a href=\"https:\/\/oic.difpuertovallarta.gob.mx\/\" class=\"elementor-sub-item\">OIC<\/a><\/li>\n\t\t<li class=\"menu-item menu-item-type-custom menu-item-object-custom menu-item-15046\"><a href=\"https:\/\/oic.difpuertovallarta.gob.mx\/denuncia\/\" class=\"elementor-sub-item\">Denuncia<\/a><\/li>\n\t<\/ul>\n<\/li>\n<\/ul>\n<\/li>\n<li class=\"menu-item menu-item-type-post_type menu-item-object-page menu-item-has-children menu-item-357\"><a href=\"https:\/\/difpuertovallarta.gob.mx\/cms\/transparencia\/\" class=\"elementor-item\">Transparencia<\/a>\n<ul class=\"sub-menu elementor-nav-menu--dropdown\">\n\t<li class=\"menu-item menu-item-type-custom menu-item-object-custom menu-item-14156\"><a href=\"https:\/\/transparencia.difpuertovallarta.gob.mx\/\" class=\"elementor-sub-item\">Art\u00edculo 8 -2023<\/a><\/li>\n\t<li class=\"menu-item menu-item-type-post_type menu-item-object-page menu-item-11901\"><a href=\"https:\/\/difpuertovallarta.gob.mx\/cms\/articulo-8-unidad-de-transparencia\/\" class=\"elementor-sub-item\">Art\u00edculo 8 Hist\u00f3rico (2022-Anteriores)<\/a><\/li>\n\t<li class=\"menu-item menu-item-type-post_type menu-item-object-page menu-item-8004\"><a href=\"https:\/\/difpuertovallarta.gob.mx\/cms\/informacion-de-entrega-recepcion-2018\/\" class=\"elementor-sub-item\">Informaci\u00f3n de Entrega Recepci\u00f3n 2018<\/a><\/li>\n\t<li class=\"menu-item menu-item-type-post_type menu-item-object-page menu-item-11518\"><a href=\"https:\/\/difpuertovallarta.gob.mx\/cms\/informacion-de-entrega-recepcion-febrero-2020\/\" class=\"elementor-sub-item\">Informaci\u00f3n de Entrega Recepci\u00f3n Febrero 2020<\/a><\/li>\n\t<li class=\"menu-item menu-item-type-custom menu-item-object-custom menu-item-10311\"><a href=\"https:\/\/www.plataformadetransparencia.org.mx\/web\/guest\/inicio\" class=\"elementor-sub-item\">Plataforma Nacional de Transparencia<\/a><\/li>\n\t<li class=\"menu-item menu-item-type-custom menu-item-object-custom menu-item-10312\"><a href=\"https:\/\/www.itei.org.mx\/v4\/\" class=\"elementor-sub-item\">ITEI<\/a><\/li>\n<\/ul>\n<\/li>\n<li class=\"menu-item menu-item-type-custom menu-item-object-custom menu-item-17077\"><a href=\"https:\/\/difpuertovallarta.gob.mx\/cms\/noticias\/\" class=\"elementor-item\">Boletines<\/a><\/li>\n<li class=\"menu-item menu-item-type-post_type menu-item-object-page menu-item-17381\"><a href=\"https:\/\/difpuertovallarta.gob.mx\/cms\/contacto\/\" class=\"elementor-item\">Contacto<\/a><\/li>\n<\/ul>\t\t\t<\/nav>\n\t\t\t\t\t<div class=\"elementor-menu-toggle\" role=\"button\" tabindex=\"0\" aria-label=\"Menu Toggle\" aria-expanded=\"false\">\n\t\t\t<svg aria-hidden=\"true\" role=\"presentation\" class=\"elementor-menu-toggle__icon--open e-font-icon-svg e-eicon-menu-bar\" viewBox=\"0 0 1000 1000\" xmlns=\"http:\/\/www.w3.org\/2000\/svg\"><path d=\"M104 333H896C929 333 958 304 958 271S929 208 896 208H104C71 208 42 237 42 271S71 333 104 333ZM104 583H896C929 583 958 554 958 521S929 458 896 458H104C71 458 42 487 42 521S71 583 104 583ZM104 833H896C929 833 958 804 958 771S929 708 896 708H104C71 708 42 737 42 771S71 833 104 833Z\"><\/path><\/svg><svg aria-hidden=\"true\" role=\"presentation\" class=\"elementor-menu-toggle__icon--close e-font-icon-svg e-eicon-close\" viewBox=\"0 0 1000 1000\" xmlns=\"http:\/\/www.w3.org\/2000\/svg\"><path d=\"M742 167L500 408 258 167C246 154 233 150 217 150 196 150 179 158 167 167 154 179 150 196 150 212 150 229 154 242 171 254L408 500 167 742C138 771 138 800 167 829 196 858 225 858 254 829L496 587 738 829C750 842 767 846 783 846 800 846 817 842 829 829 842 817 846 804 846 783 846 767 842 750 829 737L588 500 833 258C863 229 863 200 833 171 804 137 775 137 742 167Z\"><\/path><\/svg>\t\t<\/div>\n\t\t\t\t\t<nav class=\"elementor-nav-menu--dropdown elementor-nav-menu__container\" aria-hidden=\"true\">\n\t\t\t\t<ul id=\"menu-2-55f818e7\" class=\"elementor-nav-menu\"><li class=\"menu-item menu-item-type-custom menu-item-object-custom menu-item-has-children menu-item-358\"><a href=\"#\" class=\"elementor-item elementor-item-anchor\" tabindex=\"-1\">Nosotros<\/a>\n<ul class=\"sub-menu elementor-nav-menu--dropdown\">\n\t<li class=\"menu-item menu-item-type-custom menu-item-object-custom menu-item-17073\"><a href=\"https:\/\/difpuertovallarta.gob.mx\/cms\/quienes-somos\/\" class=\"elementor-sub-item\" tabindex=\"-1\">Quienes somos<\/a><\/li>\n\t<li class=\"menu-item menu-item-type-custom menu-item-object-custom menu-item-17074\"><a href=\"https:\/\/difpuertovallarta.gob.mx\/cms\/organigrama\/\" class=\"elementor-sub-item\" tabindex=\"-1\">Organigrama<\/a><\/li>\n<\/ul>\n<\/li>\n<li class=\"menu-item menu-item-type-custom menu-item-object-custom menu-item-has-children menu-item-12730\"><a href=\"#\" class=\"elementor-item elementor-item-anchor\" tabindex=\"-1\">Programas<\/a>\n<ul class=\"sub-menu elementor-nav-menu--dropdown\">\n\t<li class=\"menu-item menu-item-type-post_type menu-item-object-page menu-item-6937\"><a href=\"https:\/\/difpuertovallarta.gob.mx\/cms\/uavifam\/\" class=\"elementor-sub-item\" tabindex=\"-1\"><strong>UAVIFAM <\/strong> |  Unidad de Atenci\u00f3n a la Violencia Familiar<\/a><\/li>\n\t<li class=\"menu-item menu-item-type-post_type menu-item-object-page menu-item-6926\"><a href=\"https:\/\/difpuertovallarta.gob.mx\/cms\/trabajo-social\/\" class=\"elementor-sub-item\" tabindex=\"-1\"><strong> Trabajo social <\/strong>  |  Apoyos Asistenciales<\/a><\/li>\n\t<li class=\"menu-item menu-item-type-post_type menu-item-object-page menu-item-6940\"><a href=\"https:\/\/difpuertovallarta.gob.mx\/cms\/procuraduria\/\" class=\"elementor-sub-item\" tabindex=\"-1\"><strong> PPNNA <\/strong>  |  Procuradur\u00eda de Protecci\u00f3n a Ni\u00f1os, Ni\u00f1as y Adolescentes<\/a><\/li>\n\t<li class=\"menu-item menu-item-type-post_type menu-item-object-page menu-item-6914\"><a href=\"https:\/\/difpuertovallarta.gob.mx\/cms\/paid\/\" class=\"elementor-sub-item\" tabindex=\"-1\"><strong> PAID <\/strong>  |  Programa de Atenci\u00f3n Integral a Personas con Discapacidad<\/a><\/li>\n\t<li class=\"menu-item menu-item-type-post_type menu-item-object-page menu-item-350\"><a href=\"https:\/\/difpuertovallarta.gob.mx\/cms\/centros-de-atencion-dif\/\" class=\"elementor-sub-item\" tabindex=\"-1\"><strong> CADI <\/strong>  |  Centros Asistenciales para el Desarrollo Infantil<\/a><\/li>\n\t<li class=\"menu-item menu-item-type-post_type menu-item-object-page menu-item-472\"><a href=\"https:\/\/difpuertovallarta.gob.mx\/cms\/centro-de-atencion-integral-al-adulto-mayor\/\" class=\"elementor-sub-item\" tabindex=\"-1\">CAIAM<\/a><\/li>\n\t<li class=\"menu-item menu-item-type-post_type menu-item-object-page menu-item-17144\"><a href=\"https:\/\/difpuertovallarta.gob.mx\/cms\/caetf\/\" class=\"elementor-sub-item\" tabindex=\"-1\">CAETF<\/a><\/li>\n\t<li class=\"menu-item menu-item-type-custom menu-item-object-custom menu-item-17075\"><a href=\"https:\/\/difpuertovallarta.gob.mx\/cms\/urr\/\" class=\"elementor-sub-item\" tabindex=\"-1\">Unidad Regional de Rehabilitaci\u00f3n URR<\/a><\/li>\n\t<li class=\"menu-item menu-item-type-post_type menu-item-object-page menu-item-6855\"><a href=\"https:\/\/difpuertovallarta.gob.mx\/cms\/asistencia-alimentaria\/\" class=\"elementor-sub-item\" tabindex=\"-1\">Asistencia Alimentaria<\/a><\/li>\n\t<li class=\"menu-item menu-item-type-post_type menu-item-object-page menu-item-6852\"><a href=\"https:\/\/difpuertovallarta.gob.mx\/cms\/casadedia\/\" class=\"elementor-sub-item\" tabindex=\"-1\">Casa de D\u00eda del Adulto Mayor<\/a><\/li>\n\t<li class=\"menu-item menu-item-type-post_type menu-item-object-page menu-item-6907\"><a href=\"https:\/\/difpuertovallarta.gob.mx\/cms\/desarrollo-comunitario\/\" class=\"elementor-sub-item\" tabindex=\"-1\">Desarrollo Comunitario<\/a><\/li>\n<\/ul>\n<\/li>\n<li class=\"menu-item menu-item-type-custom menu-item-object-custom menu-item-has-children menu-item-17076\"><a href=\"#\" class=\"elementor-item elementor-item-anchor\" tabindex=\"-1\">\u00c1reas<\/a>\n<ul class=\"sub-menu elementor-nav-menu--dropdown\">\n\t<li class=\"menu-item menu-item-type-post_type menu-item-object-page menu-item-349\"><a href=\"https:\/\/difpuertovallarta.gob.mx\/cms\/area-juridica\/\" class=\"elementor-sub-item\" tabindex=\"-1\">Coordinaci\u00f3n Jur\u00eddica<\/a><\/li>\n\t<li class=\"menu-item menu-item-type-custom menu-item-object-custom menu-item-has-children menu-item-10358\"><a class=\"elementor-sub-item\" tabindex=\"-1\">Compras y Adquisiciones<\/a>\n\t<ul class=\"sub-menu elementor-nav-menu--dropdown\">\n\t\t<li class=\"menu-item menu-item-type-custom menu-item-object-custom menu-item-14676\"><a href=\"https:\/\/difpuertovallarta.gob.mx\/cms\/compras-y-adquisiciones-dif-puerto-vallarta\/\" class=\"elementor-sub-item\" tabindex=\"-1\">Licitaciones<\/a><\/li>\n\t\t<li class=\"menu-item menu-item-type-custom menu-item-object-custom menu-item-14675\"><a href=\"https:\/\/siag.puertovallartadif.com.mx\/siac\/login.php\" class=\"elementor-sub-item\" tabindex=\"-1\">Requisiciones<\/a><\/li>\n\t\t<li class=\"menu-item menu-item-type-custom menu-item-object-custom menu-item-14677\"><a href=\"https:\/\/siag.puertovallartadif.com.mx\/siac\/dif-pv\/login_proveedores.php\" class=\"elementor-sub-item\" tabindex=\"-1\">Proveedores<\/a><\/li>\n\t<\/ul>\n<\/li>\n\t<li class=\"menu-item menu-item-type-custom menu-item-object-custom menu-item-has-children menu-item-15044\"><a class=\"elementor-sub-item\" tabindex=\"-1\">\u00d3rgano Interno de Control<\/a>\n\t<ul class=\"sub-menu elementor-nav-menu--dropdown\">\n\t\t<li class=\"menu-item menu-item-type-custom menu-item-object-custom menu-item-15045\"><a href=\"https:\/\/oic.difpuertovallarta.gob.mx\/\" class=\"elementor-sub-item\" tabindex=\"-1\">OIC<\/a><\/li>\n\t\t<li class=\"menu-item menu-item-type-custom menu-item-object-custom menu-item-15046\"><a href=\"https:\/\/oic.difpuertovallarta.gob.mx\/denuncia\/\" class=\"elementor-sub-item\" tabindex=\"-1\">Denuncia<\/a><\/li>\n\t<\/ul>\n<\/li>\n<\/ul>\n<\/li>\n<li class=\"menu-item menu-item-type-post_type menu-item-object-page menu-item-has-children menu-item-357\"><a href=\"https:\/\/difpuertovallarta.gob.mx\/cms\/transparencia\/\" class=\"elementor-item\" tabindex=\"-1\">Transparencia<\/a>\n<ul class=\"sub-menu elementor-nav-menu--dropdown\">\n\t<li class=\"menu-item menu-item-type-custom menu-item-object-custom menu-item-14156\"><a href=\"https:\/\/transparencia.difpuertovallarta.gob.mx\/\" class=\"elementor-sub-item\" tabindex=\"-1\">Art\u00edculo 8 -2023<\/a><\/li>\n\t<li class=\"menu-item menu-item-type-post_type menu-item-object-page menu-item-11901\"><a href=\"https:\/\/difpuertovallarta.gob.mx\/cms\/articulo-8-unidad-de-transparencia\/\" class=\"elementor-sub-item\" tabindex=\"-1\">Art\u00edculo 8 Hist\u00f3rico (2022-Anteriores)<\/a><\/li>\n\t<li class=\"menu-item menu-item-type-post_type menu-item-object-page menu-item-8004\"><a href=\"https:\/\/difpuertovallarta.gob.mx\/cms\/informacion-de-entrega-recepcion-2018\/\" class=\"elementor-sub-item\" tabindex=\"-1\">Informaci\u00f3n de Entrega Recepci\u00f3n 2018<\/a><\/li>\n\t<li class=\"menu-item menu-item-type-post_type menu-item-object-page menu-item-11518\"><a href=\"https:\/\/difpuertovallarta.gob.mx\/cms\/informacion-de-entrega-recepcion-febrero-2020\/\" class=\"elementor-sub-item\" tabindex=\"-1\">Informaci\u00f3n de Entrega Recepci\u00f3n Febrero 2020<\/a><\/li>\n\t<li class=\"menu-item menu-item-type-custom menu-item-object-custom menu-item-10311\"><a href=\"https:\/\/www.plataformadetransparencia.org.mx\/web\/guest\/inicio\" class=\"elementor-sub-item\" tabindex=\"-1\">Plataforma Nacional de Transparencia<\/a><\/li>\n\t<li class=\"menu-item menu-item-type-custom menu-item-object-custom menu-item-10312\"><a href=\"https:\/\/www.itei.org.mx\/v4\/\" class=\"elementor-sub-item\" tabindex=\"-1\">ITEI<\/a><\/li>\n<\/ul>\n<\/li>\n<li class=\"menu-item menu-item-type-custom menu-item-object-custom menu-item-17077\"><a href=\"https:\/\/difpuertovallarta.gob.mx\/cms\/noticias\/\" class=\"elementor-item\" tabindex=\"-1\">Boletines<\/a><\/li>\n<li class=\"menu-item menu-item-type-post_type menu-item-object-page menu-item-17381\"><a href=\"https:\/\/difpuertovallarta.gob.mx\/cms\/contacto\/\" class=\"elementor-item\" tabindex=\"-1\">Contacto<\/a><\/li>\n<\/ul>\t\t\t<\/nav>\n\t\t\t\t\t\t<\/div>\n\t\t\t\t<div class=\"elementor-element elementor-element-2e700e49 elementor-align-right elementor-widget elementor-widget-button\" data-id=\"2e700e49\" data-element_type=\"widget\" data-widget_type=\"button.default\">\n\t\t\t\t\t\t\t\t\t\t<a class=\"elementor-button elementor-button-link elementor-size-sm\" href=\"https:\/\/donorbox.org\/donaciones-dif\" target=\"_blank\">\n\t\t\t\t\t\t<span class=\"elementor-button-content-wrapper\">\n\t\t\t\t\t\t<span class=\"elementor-button-icon\">\n\t\t\t\t<svg aria-hidden=\"true\" class=\"e-font-icon-svg e-fas-heart\" viewBox=\"0 0 512 512\" xmlns=\"http:\/\/www.w3.org\/2000\/svg\"><path d=\"M462.3 62.6C407.5 15.9 326 24.3 275.7 76.2L256 96.5l-19.7-20.3C186.1 24.3 104.5 15.9 49.7 62.6c-62.8 53.6-66.1 149.8-9.9 207.9l193.5 199.8c12.5 12.9 32.8 12.9 45.3 0l193.5-199.8c56.3-58.1 53-154.3-9.8-207.9z\"><\/path><\/svg>\t\t\t<\/span>\n\t\t\t\t\t\t\t\t\t<span class=\"elementor-button-text\">donar<\/span>\n\t\t\t\t\t<\/span>\n\t\t\t\t\t<\/a>\n\t\t\t\t\t\t\t\t<\/div>\n\t\t\t\t<\/div>\n\t\t\t\t<\/div>\n\t\t<div class=\"elementor-element elementor-element-19a04144 e-con-full e-flex e-con e-parent\" data-id=\"19a04144\" data-element_type=\"container\">\n\t\t\t\t<div class=\"elementor-element elementor-element-69f2761f elementor-widget elementor-widget-image\" data-id=\"69f2761f\" data-element_type=\"widget\" data-widget_type=\"image.default\">\n\t\t\t\t\t\t\t\t\t\t\t\t\t\t\t<img fetchpriority=\"high\" decoding=\"async\" width=\"1536\" height=\"864\" src=\"https:\/\/difpuertovallarta.gob.mx\/cms\/wp-content\/uploads\/2026\/01\/515706932_122169835958547508_5607487355780022618_n-1536x864.jpg\" class=\"attachment-1536x1536 size-1536x1536 wp-image-16965 no-lazy\" alt=\"\" srcset=\"https:\/\/difpuertovallarta.gob.mx\/cms\/wp-content\/uploads\/2026\/01\/515706932_122169835958547508_5607487355780022618_n-1536x864.jpg 1536w, https:\/\/difpuertovallarta.gob.mx\/cms\/wp-content\/uploads\/2026\/01\/515706932_122169835958547508_5607487355780022618_n-300x169.jpg 300w, https:\/\/difpuertovallarta.gob.mx\/cms\/wp-content\/uploads\/2026\/01\/515706932_122169835958547508_5607487355780022618_n-1820x1024.jpg 1820w, https:\/\/difpuertovallarta.gob.mx\/cms\/wp-content\/uploads\/2026\/01\/515706932_122169835958547508_5607487355780022618_n-768x432.jpg 768w, https:\/\/difpuertovallarta.gob.mx\/cms\/wp-content\/uploads\/2026\/01\/515706932_122169835958547508_5607487355780022618_n-1110x624.jpg 1110w, https:\/\/difpuertovallarta.gob.mx\/cms\/wp-content\/uploads\/2026\/01\/515706932_122169835958547508_5607487355780022618_n-528x297.jpg 528w, https:\/\/difpuertovallarta.gob.mx\/cms\/wp-content\/uploads\/2026\/01\/515706932_122169835958547508_5607487355780022618_n.jpg 2048w\" sizes=\"(max-width: 1536px) 100vw, 1536px\" \/>\t\t\t\t\t\t\t\t\t\t\t\t\t\t\t<\/div>\n\t\t\t\t<\/div>\n\t\t<div class=\"elementor-element elementor-element-1e92670a e-flex e-con-boxed e-con e-parent\" data-id=\"1e92670a\" data-element_type=\"container\">\n\t\t\t\t\t<div class=\"e-con-inner\">\n\t\t\t\t<div class=\"elementor-element elementor-element-28a068b8 elementor-widget elementor-widget-heading\" data-id=\"28a068b8\" data-element_type=\"widget\" data-widget_type=\"heading.default\">\n\t\t\t\t\t<h2 class=\"elementor-heading-title elementor-size-default\">Unidad Regional de Rehabilitaci\u00f3n (URR)<\/h2>\t\t\t\t<\/div>\n\t\t\t\t<div class=\"elementor-element elementor-element-6e2017d3 elementor-widget elementor-widget-text-editor\" data-id=\"6e2017d3\" data-element_type=\"widget\" data-widget_type=\"text-editor.default\">\n\t\t\t\t\t\t\t\t\t<p><span style=\"font-size: 14pt;\">Es un centro que otorga servicios m\u00e9dicos, de rehabilitaci\u00f3n, psicol\u00f3gicos, ayudas t\u00e9cnicas y sociales, que permiten prevenir y atender a personas con discapacidad o en riesgo de padecerla, as\u00ed como otorgarles, una rehabilitaci\u00f3n integral, lo anterior en el marco de las atribuciones que le confieran la Ley de la materia.<\/span><\/p><p><span style=\"font-size: 14pt;\">Hay tres tipos de intervenci\u00f3n por parte de la unidad, las cuales pueden ser preventiva, curativa y paliativa.<\/span><\/p><p><span style=\"font-size: 14pt;\">Preventiva: se encarga de evitar que el paciente llegue a una etapa la cual produzca una lesi\u00f3n que le impida desarrollarse en sus actividades de la vida diaria.<\/span><br \/><span style=\"font-size: 14pt;\">Curativa: aborda al paciente con una lesi\u00f3n o patolog\u00eda, la cual le impide desarrollarse en sus actividades y trata de curar la lesi\u00f3n o realizar un plan de tratamiento que le permita realizar lo mayor posible de las actividades de la vida diaria.<\/span><br \/><span style=\"font-size: 14pt;\">Paliativa: es un abordaje enfocado en mejorar la calidad de vida de una persona con lesiones graves, con cuidados que ayudan a que se sientan mejor al prevenir o tratar los s\u00edntomas y efectos secundarios de la enfermedad y el tratamiento.<\/span><br \/><span style=\"font-size: 14pt;\">Poblaci\u00f3n objetivo:<\/span><\/p><p><span style=\"font-size: 14pt;\">Poblaci\u00f3n en general con discapacidad o en riesgo de padecerla, principalmente aquellas personas que no cuentan con alg\u00fan servicio m\u00e9dico y tienen alguna situaci\u00f3n de vulnerabilidad.<\/span><\/p><p><span style=\"font-size: 14pt;\">Servicios:<\/span><\/p><p><span style=\"font-size: 14pt;\">Consulta de medicina en rehabilitaci\u00f3n.<\/span><br \/><span style=\"font-size: 14pt;\">Consulta en comunicaci\u00f3n humana.<\/span><br \/><span style=\"font-size: 14pt;\">Terapia f\u00edsica.<\/span><br \/><span style=\"font-size: 14pt;\">Tanque de hidroterapia.<\/span><br \/><span style=\"font-size: 14pt;\">Electroterapia<\/span><br \/><span style=\"font-size: 14pt;\">Rob\u00f3tica.<\/span><br \/><span style=\"font-size: 14pt;\">Cuarto de estimulaci\u00f3n temprana.<\/span><br \/><span style=\"font-size: 14pt;\">C\u00e1mara multisensorial.<\/span><br \/><span style=\"font-size: 14pt;\">Mecanoterapia.<\/span><br \/><span style=\"font-size: 14pt;\">Terapia de lenguaje.<\/span><br \/><span style=\"font-size: 14pt;\">Tamizaje auditivo.<\/span><br \/><span style=\"font-size: 14pt;\">Requisitos:<\/span><\/p><p><span style=\"font-size: 14pt;\">(En copias)<\/span><\/p><p><span style=\"font-size: 14pt;\">Identificaci\u00f3n oficial.<\/span><br \/><span style=\"font-size: 14pt;\">CURP.<\/span><br \/><span style=\"font-size: 14pt;\">Acta de nacimiento.<\/span><br \/><span style=\"font-size: 14pt;\">Comprobante de domicilio (actual).<\/span><br \/><span style=\"font-size: 14pt;\">Horario de atenci\u00f3n:<\/span><\/p><p><span style=\"font-size: 14pt;\">08:00 a 20:00 horas de lunes a viernes.<\/span><\/p><p><span style=\"font-size: 14pt;\">Datos de contacto y domicilio:<\/span><\/p><p><span style=\"font-size: 14pt;\">Sistema DIF de Puerto Vallarta<\/span><\/p><p><span style=\"font-size: 14pt;\">Av. paseo de las palmas s\/n Col. Barrio Santa Mar\u00eda.<\/span><\/p><p><span style=\"font-size: 14pt;\">Tel\u00e9fono: 3222240982 y 3222240595<\/span><\/p>\t\t\t\t\t\t\t\t<\/div>\n\t\t\t\t<div class=\"elementor-element elementor-element-3c074df elementor-pagination-type-bullets elementor-arrows-position-inside elementor-pagination-position-outside elementor-widget elementor-widget-n-carousel\" data-id=\"3c074df\" data-element_type=\"widget\" data-settings=\"{&quot;carousel_items&quot;:[{&quot;slide_title&quot;:&quot;Slide #1&quot;,&quot;_id&quot;:&quot;abbede1&quot;},{&quot;slide_title&quot;:&quot;Slide #2&quot;,&quot;_id&quot;:&quot;60520a9&quot;},{&quot;slide_title&quot;:&quot;Slide #3&quot;,&quot;_id&quot;:&quot;767af97&quot;}],&quot;slides_to_show_tablet&quot;:&quot;2&quot;,&quot;slides_to_show_mobile&quot;:&quot;1&quot;,&quot;autoplay&quot;:&quot;yes&quot;,&quot;autoplay_speed&quot;:5000,&quot;pause_on_hover&quot;:&quot;yes&quot;,&quot;pause_on_interaction&quot;:&quot;yes&quot;,&quot;infinite&quot;:&quot;yes&quot;,&quot;speed&quot;:500,&quot;offset_sides&quot;:&quot;none&quot;,&quot;arrows&quot;:&quot;yes&quot;,&quot;pagination&quot;:&quot;bullets&quot;,&quot;image_spacing_custom&quot;:{&quot;unit&quot;:&quot;px&quot;,&quot;size&quot;:10,&quot;sizes&quot;:[]},&quot;image_spacing_custom_tablet&quot;:{&quot;unit&quot;:&quot;px&quot;,&quot;size&quot;:&quot;&quot;,&quot;sizes&quot;:[]},&quot;image_spacing_custom_mobile&quot;:{&quot;unit&quot;:&quot;px&quot;,&quot;size&quot;:&quot;&quot;,&quot;sizes&quot;:[]}}\" data-widget_type=\"nested-carousel.default\">\n\t\t\t\t\t\t\t<div class=\"e-n-carousel swiper\" role=\"region\" aria-roledescription=\"carousel\" aria-label=\"Carousel\" dir=\"ltr\">\n\t\t\t<div class=\"swiper-wrapper\" aria-live=\"off\">\n\t\t\t\t\t\t\t\t\t\t<div class=\"swiper-slide\" data-slide=\"1\" role=\"group\" aria-roledescription=\"slide\" aria-label=\"1 of 3\">\n\t\t\t\t\t\t\t<div class=\"elementor-element elementor-element-a709543 e-flex e-con-boxed e-con e-child\" data-id=\"a709543\" data-element_type=\"container\">\n\t\t\t\t\t<div class=\"e-con-inner\">\n\t\t<div class=\"elementor-element elementor-element-502d9c8c e-con-full e-flex e-con e-child\" data-id=\"502d9c8c\" data-element_type=\"container\">\n\t\t\t\t<div class=\"elementor-element elementor-element-75f8f66c elementor-widget elementor-widget-image\" data-id=\"75f8f66c\" data-element_type=\"widget\" data-widget_type=\"image.default\">\n\t\t\t\t\t\t\t\t\t\t\t\t\t\t\t<img decoding=\"async\" width=\"768\" height=\"731\" src=\"https:\/\/difpuertovallarta.gob.mx\/cms\/wp-content\/uploads\/2026\/01\/COMUNICADO-2109-DIF-Aniversario-URR-3-840x800-1-768x731.jpg\" class=\"attachment-medium_large size-medium_large wp-image-16969 no-lazy\" alt=\"\" srcset=\"https:\/\/difpuertovallarta.gob.mx\/cms\/wp-content\/uploads\/2026\/01\/COMUNICADO-2109-DIF-Aniversario-URR-3-840x800-1-768x731.jpg 768w, https:\/\/difpuertovallarta.gob.mx\/cms\/wp-content\/uploads\/2026\/01\/COMUNICADO-2109-DIF-Aniversario-URR-3-840x800-1-300x286.jpg 300w, https:\/\/difpuertovallarta.gob.mx\/cms\/wp-content\/uploads\/2026\/01\/COMUNICADO-2109-DIF-Aniversario-URR-3-840x800-1.jpg 840w\" sizes=\"(max-width: 768px) 100vw, 768px\" \/>\t\t\t\t\t\t\t\t\t\t\t\t\t\t\t<\/div>\n\t\t\t\t<\/div>\n\t\t\t\t\t<\/div>\n\t\t\t\t<\/div>\n\t\t\t\t\t\t\t\t<\/div>\n\t\t\t\t\t\t\t\t\t\t\t<div class=\"swiper-slide\" data-slide=\"2\" role=\"group\" aria-roledescription=\"slide\" aria-label=\"2 of 3\">\n\t\t\t\t\t\t\t<div class=\"elementor-element elementor-element-3006aa07 e-flex e-con-boxed e-con e-child\" data-id=\"3006aa07\" data-element_type=\"container\">\n\t\t\t\t\t<div class=\"e-con-inner\">\n\t\t<div class=\"elementor-element elementor-element-6df728c0 e-con-full e-flex e-con e-child\" data-id=\"6df728c0\" data-element_type=\"container\">\n\t\t\t\t<div class=\"elementor-element elementor-element-115a1af3 elementor-widget elementor-widget-image\" data-id=\"115a1af3\" data-element_type=\"widget\" data-widget_type=\"image.default\">\n\t\t\t\t\t\t\t\t\t\t\t\t\t\t\t<img loading=\"lazy\" decoding=\"async\" width=\"768\" height=\"731\" src=\"https:\/\/difpuertovallarta.gob.mx\/cms\/wp-content\/uploads\/2026\/01\/COMUNICADO-2109-DIF-Aniversario-URR-6-840x800-1-768x731.jpg\" class=\"attachment-medium_large size-medium_large wp-image-16971 no-lazy\" alt=\"\" srcset=\"https:\/\/difpuertovallarta.gob.mx\/cms\/wp-content\/uploads\/2026\/01\/COMUNICADO-2109-DIF-Aniversario-URR-6-840x800-1-768x731.jpg 768w, https:\/\/difpuertovallarta.gob.mx\/cms\/wp-content\/uploads\/2026\/01\/COMUNICADO-2109-DIF-Aniversario-URR-6-840x800-1-300x286.jpg 300w, https:\/\/difpuertovallarta.gob.mx\/cms\/wp-content\/uploads\/2026\/01\/COMUNICADO-2109-DIF-Aniversario-URR-6-840x800-1.jpg 840w\" sizes=\"(max-width: 768px) 100vw, 768px\" \/>\t\t\t\t\t\t\t\t\t\t\t\t\t\t\t<\/div>\n\t\t\t\t<\/div>\n\t\t\t\t\t<\/div>\n\t\t\t\t<\/div>\n\t\t\t\t\t\t\t\t<\/div>\n\t\t\t\t\t\t\t\t\t\t\t<div class=\"swiper-slide\" data-slide=\"3\" role=\"group\" aria-roledescription=\"slide\" aria-label=\"3 of 3\">\n\t\t\t\t\t\t\t<div class=\"elementor-element elementor-element-6edfac67 e-flex e-con-boxed e-con e-child\" data-id=\"6edfac67\" data-element_type=\"container\">\n\t\t\t\t\t<div class=\"e-con-inner\">\n\t\t<div class=\"elementor-element elementor-element-6826fcbb e-con-full e-flex e-con e-child\" data-id=\"6826fcbb\" data-element_type=\"container\">\n\t\t\t\t<div class=\"elementor-element elementor-element-7c1c3a05 elementor-widget elementor-widget-image\" data-id=\"7c1c3a05\" data-element_type=\"widget\" data-widget_type=\"image.default\">\n\t\t\t\t\t\t\t\t\t\t\t\t\t\t\t<img loading=\"lazy\" decoding=\"async\" width=\"768\" height=\"731\" src=\"https:\/\/difpuertovallarta.gob.mx\/cms\/wp-content\/uploads\/2026\/01\/COMUNICADO-2109-DIF-Aniversario-URR-9-840x800-1-768x731.jpg\" class=\"attachment-medium_large size-medium_large wp-image-16972 no-lazy\" alt=\"\" srcset=\"https:\/\/difpuertovallarta.gob.mx\/cms\/wp-content\/uploads\/2026\/01\/COMUNICADO-2109-DIF-Aniversario-URR-9-840x800-1-768x731.jpg 768w, https:\/\/difpuertovallarta.gob.mx\/cms\/wp-content\/uploads\/2026\/01\/COMUNICADO-2109-DIF-Aniversario-URR-9-840x800-1-300x286.jpg 300w, https:\/\/difpuertovallarta.gob.mx\/cms\/wp-content\/uploads\/2026\/01\/COMUNICADO-2109-DIF-Aniversario-URR-9-840x800-1.jpg 840w\" sizes=\"(max-width: 768px) 100vw, 768px\" \/>\t\t\t\t\t\t\t\t\t\t\t\t\t\t\t<\/div>\n\t\t\t\t<\/div>\n\t\t\t\t\t<\/div>\n\t\t\t\t<\/div>\n\t\t\t\t\t\t\t\t<\/div>\n\t\t\t\t\t\t\t\t<\/div>\n\t\t<\/div>\n\t\t\t\t\t<div class=\"elementor-swiper-button elementor-swiper-button-prev\" role=\"button\" tabindex=\"0\" aria-label=\"Previous\">\n\t\t\t\t<svg aria-hidden=\"true\" class=\"e-font-icon-svg e-eicon-chevron-left\" viewBox=\"0 0 1000 1000\" xmlns=\"http:\/\/www.w3.org\/2000\/svg\"><path d=\"M646 125C629 125 613 133 604 142L308 442C296 454 292 471 292 487 292 504 296 521 308 533L604 854C617 867 629 875 646 875 663 875 679 871 692 858 704 846 713 829 713 812 713 796 708 779 692 767L438 487 692 225C700 217 708 204 708 187 708 171 704 154 692 142 675 129 663 125 646 125Z\"><\/path><\/svg>\t\t\t<\/div>\n\t\t\t<div class=\"elementor-swiper-button elementor-swiper-button-next\" role=\"button\" tabindex=\"0\" aria-label=\"Next\">\n\t\t\t\t<svg aria-hidden=\"true\" class=\"e-font-icon-svg e-eicon-chevron-right\" viewBox=\"0 0 1000 1000\" xmlns=\"http:\/\/www.w3.org\/2000\/svg\"><path d=\"M696 533C708 521 713 504 713 487 713 471 708 454 696 446L400 146C388 133 375 125 354 125 338 125 325 129 313 142 300 154 292 171 292 187 292 204 296 221 308 233L563 492 304 771C292 783 288 800 288 817 288 833 296 850 308 863 321 871 338 875 354 875 371 875 388 867 400 854L696 533Z\"><\/path><\/svg>\t\t\t<\/div>\n\t\t\t\t\t<div class=\"swiper-pagination\"><\/div>\n\t\t\t\t\t\t<\/div>\n\t\t\t\t\t<\/div>\n\t\t\t\t<\/div>\n\t\t<div class=\"elementor-element elementor-element-70f4b39 e-con-full e-flex e-con e-parent\" data-id=\"70f4b39\" data-element_type=\"container\" data-settings=\"{&quot;background_background&quot;:&quot;classic&quot;}\">\n\t\t<div class=\"elementor-element elementor-element-2932ed73 e-con-full e-flex e-con e-child\" data-id=\"2932ed73\" data-element_type=\"container\">\n\t\t\t\t<div class=\"elementor-element elementor-element-4a27e16f elementor-position-top elementor-widget elementor-widget-image-box\" data-id=\"4a27e16f\" data-element_type=\"widget\" data-widget_type=\"image-box.default\">\n\t\t\t\t\t<div class=\"elementor-image-box-wrapper\"><figure class=\"elementor-image-box-img\"><img decoding=\"async\" src=\"https:\/\/difpuertovallarta.gob.mx\/cms\/wp-content\/uploads\/2025\/05\/DIF-NIDITO-POSTS-2-1.svg\" class=\"attachment-full size-full wp-image-17162 no-lazy\" alt=\"\" \/><\/figure><div class=\"elementor-image-box-content\"><p class=\"elementor-image-box-description\">\nSistema para el Desarrollo Integral de la Familia del Municipio de Puerto Vallarta<\/p><\/div><\/div>\t\t\t\t<\/div>\n\t\t\t\t<div class=\"elementor-element elementor-element-167f14ee e-grid-align-left elementor-shape-rounded elementor-grid-0 elementor-widget elementor-widget-social-icons\" data-id=\"167f14ee\" data-element_type=\"widget\" data-widget_type=\"social-icons.default\">\n\t\t\t\t\t\t\t<div class=\"elementor-social-icons-wrapper elementor-grid\" role=\"list\">\n\t\t\t\t\t\t\t<span class=\"elementor-grid-item\" role=\"listitem\">\n\t\t\t\t\t<a class=\"elementor-icon elementor-social-icon elementor-social-icon-facebook-f elementor-repeater-item-3f1b7ac\" href=\"https:\/\/www.facebook.com\/sistemadifvallarta\" target=\"_blank\">\n\t\t\t\t\t\t<span class=\"elementor-screen-only\">Facebook-f<\/span>\n\t\t\t\t\t\t<svg aria-hidden=\"true\" class=\"e-font-icon-svg e-fab-facebook-f\" viewBox=\"0 0 320 512\" xmlns=\"http:\/\/www.w3.org\/2000\/svg\"><path d=\"M279.14 288l14.22-92.66h-88.91v-60.13c0-25.35 12.42-50.06 52.24-50.06h40.42V6.26S260.43 0 225.36 0c-73.22 0-121.08 44.38-121.08 124.72v70.62H22.89V288h81.39v224h100.17V288z\"><\/path><\/svg>\t\t\t\t\t<\/a>\n\t\t\t\t<\/span>\n\t\t\t\t\t\t\t<span class=\"elementor-grid-item\" role=\"listitem\">\n\t\t\t\t\t<a class=\"elementor-icon elementor-social-icon elementor-social-icon-instagram elementor-repeater-item-828f132\" href=\"https:\/\/www.instagram.com\/dif_vallarta\/\" target=\"_blank\">\n\t\t\t\t\t\t<span class=\"elementor-screen-only\">Instagram<\/span>\n\t\t\t\t\t\t<svg aria-hidden=\"true\" class=\"e-font-icon-svg e-fab-instagram\" viewBox=\"0 0 448 512\" xmlns=\"http:\/\/www.w3.org\/2000\/svg\"><path d=\"M224.1 141c-63.6 0-114.9 51.3-114.9 114.9s51.3 114.9 114.9 114.9S339 319.5 339 255.9 287.7 141 224.1 141zm0 189.6c-41.1 0-74.7-33.5-74.7-74.7s33.5-74.7 74.7-74.7 74.7 33.5 74.7 74.7-33.6 74.7-74.7 74.7zm146.4-194.3c0 14.9-12 26.8-26.8 26.8-14.9 0-26.8-12-26.8-26.8s12-26.8 26.8-26.8 26.8 12 26.8 26.8zm76.1 27.2c-1.7-35.9-9.9-67.7-36.2-93.9-26.2-26.2-58-34.4-93.9-36.2-37-2.1-147.9-2.1-184.9 0-35.8 1.7-67.6 9.9-93.9 36.1s-34.4 58-36.2 93.9c-2.1 37-2.1 147.9 0 184.9 1.7 35.9 9.9 67.7 36.2 93.9s58 34.4 93.9 36.2c37 2.1 147.9 2.1 184.9 0 35.9-1.7 67.7-9.9 93.9-36.2 26.2-26.2 34.4-58 36.2-93.9 2.1-37 2.1-147.8 0-184.8zM398.8 388c-7.8 19.6-22.9 34.7-42.6 42.6-29.5 11.7-99.5 9-132.1 9s-102.7 2.6-132.1-9c-19.6-7.8-34.7-22.9-42.6-42.6-11.7-29.5-9-99.5-9-132.1s-2.6-102.7 9-132.1c7.8-19.6 22.9-34.7 42.6-42.6 29.5-11.7 99.5-9 132.1-9s102.7-2.6 132.1 9c19.6 7.8 34.7 22.9 42.6 42.6 11.7 29.5 9 99.5 9 132.1s2.7 102.7-9 132.1z\"><\/path><\/svg>\t\t\t\t\t<\/a>\n\t\t\t\t<\/span>\n\t\t\t\t\t\t\t<span class=\"elementor-grid-item\" role=\"listitem\">\n\t\t\t\t\t<a class=\"elementor-icon elementor-social-icon elementor-social-icon-youtube elementor-repeater-item-c36db69\" href=\"https:\/\/www.youtube.com\/@GobVallarta\" target=\"_blank\">\n\t\t\t\t\t\t<span class=\"elementor-screen-only\">Youtube<\/span>\n\t\t\t\t\t\t<svg aria-hidden=\"true\" class=\"e-font-icon-svg e-fab-youtube\" viewBox=\"0 0 576 512\" xmlns=\"http:\/\/www.w3.org\/2000\/svg\"><path d=\"M549.655 124.083c-6.281-23.65-24.787-42.276-48.284-48.597C458.781 64 288 64 288 64S117.22 64 74.629 75.486c-23.497 6.322-42.003 24.947-48.284 48.597-11.412 42.867-11.412 132.305-11.412 132.305s0 89.438 11.412 132.305c6.281 23.65 24.787 41.5 48.284 47.821C117.22 448 288 448 288 448s170.78 0 213.371-11.486c23.497-6.321 42.003-24.171 48.284-47.821 11.412-42.867 11.412-132.305 11.412-132.305s0-89.438-11.412-132.305zm-317.51 213.508V175.185l142.739 81.205-142.739 81.201z\"><\/path><\/svg>\t\t\t\t\t<\/a>\n\t\t\t\t<\/span>\n\t\t\t\t\t<\/div>\n\t\t\t\t\t\t<\/div>\n\t\t\t\t<\/div>\n\t\t<div class=\"elementor-element elementor-element-319330f3 e-con-full e-flex e-con e-child\" data-id=\"319330f3\" data-element_type=\"container\">\n\t\t\t\t<div class=\"elementor-element elementor-element-176af720 elementor-widget elementor-widget-heading\" data-id=\"176af720\" data-element_type=\"widget\" data-widget_type=\"heading.default\">\n\t\t\t\t\t<h6 class=\"elementor-heading-title elementor-size-default\">Sitios de Inter\u00e9s<\/h6>\t\t\t\t<\/div>\n\t\t\t\t<div class=\"elementor-element elementor-element-1e6844f8 elementor-nav-menu--dropdown-none elementor-widget elementor-widget-nav-menu\" data-id=\"1e6844f8\" data-element_type=\"widget\" data-settings=\"{&quot;layout&quot;:&quot;vertical&quot;,&quot;submenu_icon&quot;:{&quot;value&quot;:&quot;&lt;svg aria-hidden=\\&quot;true\\&quot; class=\\&quot;e-font-icon-svg e-fas-caret-down\\&quot; viewBox=\\&quot;0 0 320 512\\&quot; xmlns=\\&quot;http:\\\/\\\/www.w3.org\\\/2000\\\/svg\\&quot;&gt;&lt;path d=\\&quot;M31.3 192h257.3c17.8 0 26.7 21.5 14.1 34.1L174.1 354.8c-7.8 7.8-20.5 7.8-28.3 0L17.2 226.1C4.6 213.5 13.5 192 31.3 192z\\&quot;&gt;&lt;\\\/path&gt;&lt;\\\/svg&gt;&quot;,&quot;library&quot;:&quot;fa-solid&quot;}}\" data-widget_type=\"nav-menu.default\">\n\t\t\t\t\t\t\t\t<nav aria-label=\"Menu\" class=\"elementor-nav-menu--main elementor-nav-menu__container elementor-nav-menu--layout-vertical e--pointer-none\">\n\t\t\t\t<ul id=\"menu-1-1e6844f8\" class=\"elementor-nav-menu sm-vertical\"><li class=\"menu-item menu-item-type-custom menu-item-object-custom menu-item-6557\"><a href=\"http:\/\/puertovallarta.gob.mx\" class=\"elementor-item\">H. Ayuntamiento de Puerto Vallarta<\/a><\/li>\n<li class=\"menu-item menu-item-type-custom menu-item-object-custom menu-item-6558\"><a href=\"http:\/\/www.bomberosvallarta.gob.mx\/\" class=\"elementor-item\">Protecci\u00f3n Civil y Bomberos<\/a><\/li>\n<li class=\"menu-item menu-item-type-custom menu-item-object-custom menu-item-6559\"><a href=\"http:\/\/www.jalisco.gob.mx\/\" class=\"elementor-item\">Gobierno del Estado de Jalisco<\/a><\/li>\n<li class=\"menu-item menu-item-type-custom menu-item-object-custom menu-item-6560\"><a href=\"http:\/\/ssj.jalisco.gob.mx\/\" class=\"elementor-item\">Secretar\u00eda de Salud Jalisco<\/a><\/li>\n<li class=\"menu-item menu-item-type-custom menu-item-object-custom menu-item-6561\"><a href=\"http:\/\/www.ssn.unam.mx\/\" class=\"elementor-item\">Sistema Sismol\u00f3gico Nacional<\/a><\/li>\n<\/ul>\t\t\t<\/nav>\n\t\t\t\t\t\t<nav class=\"elementor-nav-menu--dropdown elementor-nav-menu__container\" aria-hidden=\"true\">\n\t\t\t\t<ul id=\"menu-2-1e6844f8\" class=\"elementor-nav-menu sm-vertical\"><li class=\"menu-item menu-item-type-custom menu-item-object-custom menu-item-6557\"><a href=\"http:\/\/puertovallarta.gob.mx\" class=\"elementor-item\" tabindex=\"-1\">H. Ayuntamiento de Puerto Vallarta<\/a><\/li>\n<li class=\"menu-item menu-item-type-custom menu-item-object-custom menu-item-6558\"><a href=\"http:\/\/www.bomberosvallarta.gob.mx\/\" class=\"elementor-item\" tabindex=\"-1\">Protecci\u00f3n Civil y Bomberos<\/a><\/li>\n<li class=\"menu-item menu-item-type-custom menu-item-object-custom menu-item-6559\"><a href=\"http:\/\/www.jalisco.gob.mx\/\" class=\"elementor-item\" tabindex=\"-1\">Gobierno del Estado de Jalisco<\/a><\/li>\n<li class=\"menu-item menu-item-type-custom menu-item-object-custom menu-item-6560\"><a href=\"http:\/\/ssj.jalisco.gob.mx\/\" class=\"elementor-item\" tabindex=\"-1\">Secretar\u00eda de Salud Jalisco<\/a><\/li>\n<li class=\"menu-item menu-item-type-custom menu-item-object-custom menu-item-6561\"><a href=\"http:\/\/www.ssn.unam.mx\/\" class=\"elementor-item\" tabindex=\"-1\">Sistema Sismol\u00f3gico Nacional<\/a><\/li>\n<\/ul>\t\t\t<\/nav>\n\t\t\t\t\t\t<\/div>\n\t\t\t\t<\/div>\n\t\t<div class=\"elementor-element elementor-element-5afcee59 e-con-full e-flex e-con e-child\" data-id=\"5afcee59\" data-element_type=\"container\">\n\t\t\t\t<div class=\"elementor-element elementor-element-51f3273c elementor-widget elementor-widget-heading\" data-id=\"51f3273c\" data-element_type=\"widget\" data-widget_type=\"heading.default\">\n\t\t\t\t\t<h6 class=\"elementor-heading-title elementor-size-default\">Accesos directos<\/h6>\t\t\t\t<\/div>\n\t\t\t\t<div class=\"elementor-element elementor-element-7fbf1693 elementor-nav-menu--dropdown-none elementor-widget elementor-widget-nav-menu\" data-id=\"7fbf1693\" data-element_type=\"widget\" data-settings=\"{&quot;layout&quot;:&quot;vertical&quot;,&quot;submenu_icon&quot;:{&quot;value&quot;:&quot;&lt;svg aria-hidden=\\&quot;true\\&quot; class=\\&quot;e-font-icon-svg e-fas-caret-down\\&quot; viewBox=\\&quot;0 0 320 512\\&quot; xmlns=\\&quot;http:\\\/\\\/www.w3.org\\\/2000\\\/svg\\&quot;&gt;&lt;path d=\\&quot;M31.3 192h257.3c17.8 0 26.7 21.5 14.1 34.1L174.1 354.8c-7.8 7.8-20.5 7.8-28.3 0L17.2 226.1C4.6 213.5 13.5 192 31.3 192z\\&quot;&gt;&lt;\\\/path&gt;&lt;\\\/svg&gt;&quot;,&quot;library&quot;:&quot;fa-solid&quot;}}\" data-widget_type=\"nav-menu.default\">\n\t\t\t\t\t\t\t\t<nav aria-label=\"Menu\" class=\"elementor-nav-menu--main elementor-nav-menu__container elementor-nav-menu--layout-vertical e--pointer-none\">\n\t\t\t\t<ul id=\"menu-1-7fbf1693\" class=\"elementor-nav-menu sm-vertical\"><li class=\"menu-item menu-item-type-custom menu-item-object-custom menu-item-6556\"><a href=\"https:\/\/webmail.difpuertovallarta.gob.mx\" class=\"elementor-item\">Webmail DIF Puerto Vallarta<\/a><\/li>\n<li class=\"menu-item menu-item-type-custom menu-item-object-custom menu-item-10356\"><a href=\"https:\/\/difpuertovallarta.gob.mx\/cms\/compras-y-adquisiciones-dif-puerto-vallarta\/\" class=\"elementor-item\">Compras Y Adquisiciones<\/a><\/li>\n<\/ul>\t\t\t<\/nav>\n\t\t\t\t\t\t<nav class=\"elementor-nav-menu--dropdown elementor-nav-menu__container\" aria-hidden=\"true\">\n\t\t\t\t<ul id=\"menu-2-7fbf1693\" class=\"elementor-nav-menu sm-vertical\"><li class=\"menu-item menu-item-type-custom menu-item-object-custom menu-item-6556\"><a href=\"https:\/\/webmail.difpuertovallarta.gob.mx\" class=\"elementor-item\" tabindex=\"-1\">Webmail DIF Puerto Vallarta<\/a><\/li>\n<li class=\"menu-item menu-item-type-custom menu-item-object-custom menu-item-10356\"><a href=\"https:\/\/difpuertovallarta.gob.mx\/cms\/compras-y-adquisiciones-dif-puerto-vallarta\/\" class=\"elementor-item\" tabindex=\"-1\">Compras Y Adquisiciones<\/a><\/li>\n<\/ul>\t\t\t<\/nav>\n\t\t\t\t\t\t<\/div>\n\t\t\t\t<\/div>\n\t\t<div class=\"elementor-element elementor-element-43681de7 e-con-full e-flex e-con e-child\" data-id=\"43681de7\" data-element_type=\"container\">\n\t\t\t\t<div class=\"elementor-element elementor-element-73511166 elementor-widget elementor-widget-heading\" data-id=\"73511166\" data-element_type=\"widget\" data-widget_type=\"heading.default\">\n\t\t\t\t\t<h6 class=\"elementor-heading-title elementor-size-default\">Contacto<\/h6>\t\t\t\t<\/div>\n\t\t\t\t<div class=\"elementor-element elementor-element-62f51a8f elementor-widget elementor-widget-text-editor\" data-id=\"62f51a8f\" data-element_type=\"widget\" data-widget_type=\"text-editor.default\">\n\t\t\t\t\t\t\t\t\t<p>Av. Las Palmas #105, Colonia Barrio Santa Mar\u00eda.<br \/>C.P. 48325 Puerto Vallarta Jalisco, M\u00e9xico.<\/p>\t\t\t\t\t\t\t\t<\/div>\n\t\t\t\t<div class=\"elementor-element elementor-element-1da9ae61 elementor-widget elementor-widget-text-editor\" data-id=\"1da9ae61\" data-element_type=\"widget\" data-widget_type=\"text-editor.default\">\n\t\t\t\t\t\t\t\t\t<p><strong>Tel\u00e9fonos:<\/strong><\/p><p>322-225 9936 al 40.<\/p><p><strong>Unidad Regional de Rehabilitaci\u00f3n:<\/strong><\/p><p>322-224 0982<br \/>322-224 0595<\/p>\t\t\t\t\t\t\t\t<\/div>\n\t\t\t\t<\/div>\n\t\t\t\t<\/div>\n\t\t<div class=\"elementor-element elementor-element-242f2856 e-flex e-con-boxed e-con e-parent\" data-id=\"242f2856\" data-element_type=\"container\" data-settings=\"{&quot;background_background&quot;:&quot;classic&quot;}\">\n\t\t\t\t\t<div class=\"e-con-inner\">\n\t\t\t\t<div class=\"elementor-element elementor-element-92aa19f elementor-widget elementor-widget-heading\" data-id=\"92aa19f\" data-element_type=\"widget\" data-widget_type=\"heading.default\">\n\t\t\t\t\t<p class=\"elementor-heading-title elementor-size-default\">\u00a9 2026 All Rights Reserved.<\/p>\t\t\t\t<\/div>\n\t\t\t\t\t<\/div>\n\t\t\t\t<\/div>\n\t\t\t\t<\/div>\n\t\t","protected":false},"excerpt":{"rendered":"<p>Facebook Twitter Youtube 500px donar Unidad Regional de Rehabilitaci\u00f3n (URR) Es un centro que otorga servicios m\u00e9dicos, de rehabilitaci\u00f3n, psicol\u00f3gicos, ayudas t\u00e9cnicas y sociales, que permiten prevenir y atender a personas con discapacidad o en riesgo de padecerla, as\u00ed como otorgarles, una rehabilitaci\u00f3n integral, lo anterior en el marco de las atribuciones que le confieran [&hellip;]<\/p>\n","protected":false},"author":19,"featured_media":16965,"parent":0,"menu_order":0,"comment_status":"closed","ping_status":"closed","template":"elementor_canvas","meta":{"footnotes":""},"class_list":["post-16983","page","type-page","status-publish","has-post-thumbnail","czr-hentry"],"yoast_head":"<!-- This site is optimized with the Yoast SEO plugin v27.2 - https:\/\/yoast.com\/product\/yoast-seo-wordpress\/ -->\n<title>Unidad Regional de Rehabilitaci\u00f3n (URR) &#8226; DIF Puerto Vallarta<\/title>\n<meta name=\"description\" content=\"DIF Puerto Vallarta &#8226; Facebook Twitter Youtube 500px donar Unidad Regional de Rehabilitaci\u00f3n (URR) Es un centro que otorga servicios m\u00e9dicos, de rehabilitaci\u00f3n, psicol\u00f3gicos,\" \/>\n<meta name=\"robots\" content=\"index, follow, max-snippet:-1, max-image-preview:large, max-video-preview:-1\" \/>\n<link rel=\"canonical\" href=\"https:\/\/difpuertovallarta.gob.mx\/cms\/urr\/\" \/>\n<meta property=\"og:locale\" content=\"es_MX\" \/>\n<meta property=\"og:type\" content=\"article\" \/>\n<meta property=\"og:title\" content=\"Unidad Regional de Rehabilitaci\u00f3n (URR) &#8226; DIF Puerto Vallarta\" \/>\n<meta property=\"og:description\" content=\"DIF Puerto Vallarta &#8226; Facebook Twitter Youtube 500px donar Unidad Regional de Rehabilitaci\u00f3n (URR) Es un centro que otorga servicios m\u00e9dicos, de rehabilitaci\u00f3n, psicol\u00f3gicos,\" \/>\n<meta property=\"og:url\" content=\"https:\/\/difpuertovallarta.gob.mx\/cms\/urr\/\" \/>\n<meta property=\"og:site_name\" content=\"DIF Puerto Vallarta\" \/>\n<meta property=\"article:publisher\" content=\"https:\/\/www.facebook.com\/sistemadifvallarta\" \/>\n<meta property=\"article:modified_time\" content=\"2026-01-16T19:44:44+00:00\" \/>\n<meta property=\"og:image\" content=\"https:\/\/difpuertovallarta.gob.mx\/cms\/wp-content\/uploads\/2026\/01\/515706932_122169835958547508_5607487355780022618_n.jpg\" \/>\n\t<meta property=\"og:image:width\" content=\"2048\" \/>\n\t<meta property=\"og:image:height\" content=\"1152\" \/>\n\t<meta property=\"og:image:type\" content=\"image\/jpeg\" \/>\n<meta name=\"twitter:card\" content=\"summary_large_image\" \/>\n<meta name=\"twitter:site\" content=\"@difvallarta\" \/>\n<meta name=\"twitter:label1\" content=\"Tiempo de lectura\" \/>\n\t<meta name=\"twitter:data1\" content=\"5 minutos\" \/>\n<script type=\"application\/ld+json\" class=\"yoast-schema-graph\">{\"@context\":\"https:\/\/schema.org\",\"@graph\":[{\"@type\":\"WebPage\",\"@id\":\"https:\/\/difpuertovallarta.gob.mx\/cms\/urr\/\",\"url\":\"https:\/\/difpuertovallarta.gob.mx\/cms\/urr\/\",\"name\":\"Unidad Regional de Rehabilitaci\u00f3n (URR) &#8226; DIF Puerto Vallarta\",\"isPartOf\":{\"@id\":\"https:\/\/difpuertovallarta.gob.mx\/cms\/#website\"},\"primaryImageOfPage\":{\"@id\":\"https:\/\/difpuertovallarta.gob.mx\/cms\/urr\/#primaryimage\"},\"image\":{\"@id\":\"https:\/\/difpuertovallarta.gob.mx\/cms\/urr\/#primaryimage\"},\"thumbnailUrl\":\"https:\/\/difpuertovallarta.gob.mx\/cms\/wp-content\/uploads\/2026\/01\/515706932_122169835958547508_5607487355780022618_n.jpg\",\"datePublished\":\"2026-01-08T20:30:07+00:00\",\"dateModified\":\"2026-01-16T19:44:44+00:00\",\"description\":\"DIF Puerto Vallarta &#8226; Facebook Twitter Youtube 500px donar Unidad Regional de Rehabilitaci\u00f3n (URR) Es un centro que otorga servicios m\u00e9dicos, de rehabilitaci\u00f3n, psicol\u00f3gicos,\",\"breadcrumb\":{\"@id\":\"https:\/\/difpuertovallarta.gob.mx\/cms\/urr\/#breadcrumb\"},\"inLanguage\":\"es\",\"potentialAction\":[{\"@type\":\"ReadAction\",\"target\":[\"https:\/\/difpuertovallarta.gob.mx\/cms\/urr\/\"]}]},{\"@type\":\"ImageObject\",\"inLanguage\":\"es\",\"@id\":\"https:\/\/difpuertovallarta.gob.mx\/cms\/urr\/#primaryimage\",\"url\":\"https:\/\/difpuertovallarta.gob.mx\/cms\/wp-content\/uploads\/2026\/01\/515706932_122169835958547508_5607487355780022618_n.jpg\",\"contentUrl\":\"https:\/\/difpuertovallarta.gob.mx\/cms\/wp-content\/uploads\/2026\/01\/515706932_122169835958547508_5607487355780022618_n.jpg\",\"width\":2048,\"height\":1152},{\"@type\":\"BreadcrumbList\",\"@id\":\"https:\/\/difpuertovallarta.gob.mx\/cms\/urr\/#breadcrumb\",\"itemListElement\":[{\"@type\":\"ListItem\",\"position\":1,\"name\":\"Inicio\",\"item\":\"https:\/\/difpuertovallarta.gob.mx\/cms\/\"},{\"@type\":\"ListItem\",\"position\":2,\"name\":\"Unidad Regional de Rehabilitaci\u00f3n (URR)\"}]},{\"@type\":\"WebSite\",\"@id\":\"https:\/\/difpuertovallarta.gob.mx\/cms\/#website\",\"url\":\"https:\/\/difpuertovallarta.gob.mx\/cms\/\",\"name\":\"DIF Puerto Vallarta\",\"description\":\"Sistema para el Desarrollo Integral de la Familia para el Municipio de Puerto Vallarta, Jalisco.\",\"publisher\":{\"@id\":\"https:\/\/difpuertovallarta.gob.mx\/cms\/#organization\"},\"potentialAction\":[{\"@type\":\"SearchAction\",\"target\":{\"@type\":\"EntryPoint\",\"urlTemplate\":\"https:\/\/difpuertovallarta.gob.mx\/cms\/?s={search_term_string}\"},\"query-input\":{\"@type\":\"PropertyValueSpecification\",\"valueRequired\":true,\"valueName\":\"search_term_string\"}}],\"inLanguage\":\"es\"},{\"@type\":\"Organization\",\"@id\":\"https:\/\/difpuertovallarta.gob.mx\/cms\/#organization\",\"name\":\"Sistema DIF Puerto Vallarta\",\"url\":\"https:\/\/difpuertovallarta.gob.mx\/cms\/\",\"logo\":{\"@type\":\"ImageObject\",\"inLanguage\":\"es\",\"@id\":\"https:\/\/difpuertovallarta.gob.mx\/cms\/#\/schema\/logo\/image\/\",\"url\":\"http:\/\/difpuertovallarta.gob.mx\/cms\/wp-content\/uploads\/2018\/12\/LOGO-DIF-2021-NAVIDAD.jpg\",\"contentUrl\":\"http:\/\/difpuertovallarta.gob.mx\/cms\/wp-content\/uploads\/2018\/12\/LOGO-DIF-2021-NAVIDAD.jpg\",\"width\":834,\"height\":834,\"caption\":\"Sistema DIF Puerto Vallarta\"},\"image\":{\"@id\":\"https:\/\/difpuertovallarta.gob.mx\/cms\/#\/schema\/logo\/image\/\"},\"sameAs\":[\"https:\/\/www.facebook.com\/sistemadifvallarta\",\"https:\/\/x.com\/difvallarta\"]}]}<\/script>\n<!-- \/ Yoast SEO plugin. -->","yoast_head_json":{"title":"Unidad Regional de Rehabilitaci\u00f3n (URR) &#8226; DIF Puerto Vallarta","description":"DIF Puerto Vallarta &#8226; Facebook Twitter Youtube 500px donar Unidad Regional de Rehabilitaci\u00f3n (URR) Es un centro que otorga servicios m\u00e9dicos, de rehabilitaci\u00f3n, psicol\u00f3gicos,","robots":{"index":"index","follow":"follow","max-snippet":"max-snippet:-1","max-image-preview":"max-image-preview:large","max-video-preview":"max-video-preview:-1"},"canonical":"https:\/\/difpuertovallarta.gob.mx\/cms\/urr\/","og_locale":"es_MX","og_type":"article","og_title":"Unidad Regional de Rehabilitaci\u00f3n (URR) &#8226; DIF Puerto Vallarta","og_description":"DIF Puerto Vallarta &#8226; Facebook Twitter Youtube 500px donar Unidad Regional de Rehabilitaci\u00f3n (URR) Es un centro que otorga servicios m\u00e9dicos, de rehabilitaci\u00f3n, psicol\u00f3gicos,","og_url":"https:\/\/difpuertovallarta.gob.mx\/cms\/urr\/","og_site_name":"DIF Puerto Vallarta","article_publisher":"https:\/\/www.facebook.com\/sistemadifvallarta","article_modified_time":"2026-01-16T19:44:44+00:00","og_image":[{"width":2048,"height":1152,"url":"https:\/\/difpuertovallarta.gob.mx\/cms\/wp-content\/uploads\/2026\/01\/515706932_122169835958547508_5607487355780022618_n.jpg","type":"image\/jpeg"}],"twitter_card":"summary_large_image","twitter_site":"@difvallarta","twitter_misc":{"Tiempo de lectura":"5 minutos"},"schema":{"@context":"https:\/\/schema.org","@graph":[{"@type":"WebPage","@id":"https:\/\/difpuertovallarta.gob.mx\/cms\/urr\/","url":"https:\/\/difpuertovallarta.gob.mx\/cms\/urr\/","name":"Unidad Regional de Rehabilitaci\u00f3n (URR) &#8226; DIF Puerto Vallarta","isPartOf":{"@id":"https:\/\/difpuertovallarta.gob.mx\/cms\/#website"},"primaryImageOfPage":{"@id":"https:\/\/difpuertovallarta.gob.mx\/cms\/urr\/#primaryimage"},"image":{"@id":"https:\/\/difpuertovallarta.gob.mx\/cms\/urr\/#primaryimage"},"thumbnailUrl":"https:\/\/difpuertovallarta.gob.mx\/cms\/wp-content\/uploads\/2026\/01\/515706932_122169835958547508_5607487355780022618_n.jpg","datePublished":"2026-01-08T20:30:07+00:00","dateModified":"2026-01-16T19:44:44+00:00","description":"DIF Puerto Vallarta &#8226; Facebook Twitter Youtube 500px donar Unidad Regional de Rehabilitaci\u00f3n (URR) Es un centro que otorga servicios m\u00e9dicos, de rehabilitaci\u00f3n, psicol\u00f3gicos,","breadcrumb":{"@id":"https:\/\/difpuertovallarta.gob.mx\/cms\/urr\/#breadcrumb"},"inLanguage":"es","potentialAction":[{"@type":"ReadAction","target":["https:\/\/difpuertovallarta.gob.mx\/cms\/urr\/"]}]},{"@type":"ImageObject","inLanguage":"es","@id":"https:\/\/difpuertovallarta.gob.mx\/cms\/urr\/#primaryimage","url":"https:\/\/difpuertovallarta.gob.mx\/cms\/wp-content\/uploads\/2026\/01\/515706932_122169835958547508_5607487355780022618_n.jpg","contentUrl":"https:\/\/difpuertovallarta.gob.mx\/cms\/wp-content\/uploads\/2026\/01\/515706932_122169835958547508_5607487355780022618_n.jpg","width":2048,"height":1152},{"@type":"BreadcrumbList","@id":"https:\/\/difpuertovallarta.gob.mx\/cms\/urr\/#breadcrumb","itemListElement":[{"@type":"ListItem","position":1,"name":"Inicio","item":"https:\/\/difpuertovallarta.gob.mx\/cms\/"},{"@type":"ListItem","position":2,"name":"Unidad Regional de Rehabilitaci\u00f3n (URR)"}]},{"@type":"WebSite","@id":"https:\/\/difpuertovallarta.gob.mx\/cms\/#website","url":"https:\/\/difpuertovallarta.gob.mx\/cms\/","name":"DIF Puerto Vallarta","description":"Sistema para el Desarrollo Integral de la Familia para el Municipio de Puerto Vallarta, Jalisco.","publisher":{"@id":"https:\/\/difpuertovallarta.gob.mx\/cms\/#organization"},"potentialAction":[{"@type":"SearchAction","target":{"@type":"EntryPoint","urlTemplate":"https:\/\/difpuertovallarta.gob.mx\/cms\/?s={search_term_string}"},"query-input":{"@type":"PropertyValueSpecification","valueRequired":true,"valueName":"search_term_string"}}],"inLanguage":"es"},{"@type":"Organization","@id":"https:\/\/difpuertovallarta.gob.mx\/cms\/#organization","name":"Sistema DIF Puerto Vallarta","url":"https:\/\/difpuertovallarta.gob.mx\/cms\/","logo":{"@type":"ImageObject","inLanguage":"es","@id":"https:\/\/difpuertovallarta.gob.mx\/cms\/#\/schema\/logo\/image\/","url":"http:\/\/difpuertovallarta.gob.mx\/cms\/wp-content\/uploads\/2018\/12\/LOGO-DIF-2021-NAVIDAD.jpg","contentUrl":"http:\/\/difpuertovallarta.gob.mx\/cms\/wp-content\/uploads\/2018\/12\/LOGO-DIF-2021-NAVIDAD.jpg","width":834,"height":834,"caption":"Sistema DIF Puerto Vallarta"},"image":{"@id":"https:\/\/difpuertovallarta.gob.mx\/cms\/#\/schema\/logo\/image\/"},"sameAs":["https:\/\/www.facebook.com\/sistemadifvallarta","https:\/\/x.com\/difvallarta"]}]}},"_links":{"self":[{"href":"https:\/\/difpuertovallarta.gob.mx\/cms\/wp-json\/wp\/v2\/pages\/16983","targetHints":{"allow":["GET"]}}],"collection":[{"href":"https:\/\/difpuertovallarta.gob.mx\/cms\/wp-json\/wp\/v2\/pages"}],"about":[{"href":"https:\/\/difpuertovallarta.gob.mx\/cms\/wp-json\/wp\/v2\/types\/page"}],"author":[{"embeddable":true,"href":"https:\/\/difpuertovallarta.gob.mx\/cms\/wp-json\/wp\/v2\/users\/19"}],"replies":[{"embeddable":true,"href":"https:\/\/difpuertovallarta.gob.mx\/cms\/wp-json\/wp\/v2\/comments?post=16983"}],"version-history":[{"count":19,"href":"https:\/\/difpuertovallarta.gob.mx\/cms\/wp-json\/wp\/v2\/pages\/16983\/revisions"}],"predecessor-version":[{"id":17092,"href":"https:\/\/difpuertovallarta.gob.mx\/cms\/wp-json\/wp\/v2\/pages\/16983\/revisions\/17092"}],"wp:featuredmedia":[{"embeddable":true,"href":"https:\/\/difpuertovallarta.gob.mx\/cms\/wp-json\/wp\/v2\/media\/16965"}],"wp:attachment":[{"href":"https:\/\/difpuertovallarta.gob.mx\/cms\/wp-json\/wp\/v2\/media?parent=16983"}],"curies":[{"name":"wp","href":"https:\/\/api.w.org\/{rel}","templated":true}]}}